{"id":35222,"date":"2024-03-11T09:15:05","date_gmt":"2024-03-11T08:15:05","guid":{"rendered":"https:\/\/wendyvanmieghem.com\/?page_id=35222"},"modified":"2026-04-07T11:53:59","modified_gmt":"2026-04-07T09:53:59","slug":"menselijk-leiderschap","status":"publish","type":"page","link":"https:\/\/wendyvanmieghem.com\/nl\/","title":{"rendered":"Home NL"},"content":{"rendered":"<p>[et_pb_section fb_built=&#8221;1&#8243; _builder_version=&#8221;4.27.4&#8243; _module_preset=&#8221;default&#8221; global_colors_info=&#8221;{}&#8221;][et_pb_row _builder_version=&#8221;4.23.4&#8243; _module_preset=&#8221;default&#8221; global_colors_info=&#8221;{}&#8221;][et_pb_column type=&#8221;4_4&#8243; _builder_version=&#8221;4.23.4&#8243; _module_preset=&#8221;default&#8221; global_colors_info=&#8221;{}&#8221;][et_pb_text _builder_version=&#8221;4.27.4&#8243; _module_preset=&#8221;default&#8221; global_colors_info=&#8221;{}&#8221;]<\/p>\n<h1>Emotionele intelligentie \/ Home NL<\/h1>\n<p>[\/et_pb_text][\/et_pb_column][\/et_pb_row][et_pb_row _builder_version=&#8221;4.27.4&#8243; _module_preset=&#8221;default&#8221; background_image=&#8221;https:\/\/wendyvanmieghem.com\/wp-content\/uploads\/2020\/08\/Wendy-van-Mieghem-foto-Slochterbos-2-versie-2-mb.jpg&#8221; global_colors_info=&#8221;{}&#8221;][et_pb_column type=&#8221;4_4&#8243; _builder_version=&#8221;4.27.4&#8243; _module_preset=&#8221;default&#8221; global_colors_info=&#8221;{}&#8221;][et_pb_slider show_arrows=&#8221;off&#8221; use_bg_overlay=&#8221;on&#8221; _builder_version=&#8221;4.27.4&#8243; _module_preset=&#8221;default&#8221; background_image=&#8221;https:\/\/wendyvanmieghem.com\/wp-content\/uploads\/2020\/08\/Wendy-van-Mieghem-foto-Slochterbos-2-versie-2-mb.jpg&#8221; auto=&#8221;on&#8221; auto_speed=&#8221;3000&#8243; auto_ignore_hover=&#8221;on&#8221; custom_css_slide_description=&#8221;animation-name:none;&#8221; global_colors_info=&#8221;{}&#8221;][et_pb_slide heading=&#8221;Ademruimte voor menselijkheid&#8221; use_bg_overlay=&#8221;off&#8221; _builder_version=&#8221;4.27.4&#8243; _module_preset=&#8221;default&#8221; header_font=&#8221;|600||on|||||&#8221; header_font_size=&#8221;46px&#8221; background_enable_color=&#8221;off&#8221; background_enable_image=&#8221;off&#8221; global_colors_info=&#8221;{}&#8221; sticky_transition=&#8221;on&#8221;][\/et_pb_slide][et_pb_slide heading=&#8221;Duurzaam resultaat&#8221; use_bg_overlay=&#8221;off&#8221; _builder_version=&#8221;4.27.4&#8243; _module_preset=&#8221;default&#8221; header_font=&#8221;|600||on|||||&#8221; header_font_size=&#8221;46px&#8221; background_enable_color=&#8221;off&#8221; background_enable_image=&#8221;off&#8221; global_colors_info=&#8221;{}&#8221; sticky_transition=&#8221;on&#8221;][\/et_pb_slide][et_pb_slide heading=&#8221;Duurzaam Herstel&#8221; use_bg_overlay=&#8221;off&#8221; _builder_version=&#8221;4.27.4&#8243; _module_preset=&#8221;default&#8221; header_font=&#8221;|600||on|||||&#8221; header_font_size=&#8221;46px&#8221; background_enable_color=&#8221;off&#8221; background_enable_image=&#8221;off&#8221; global_colors_info=&#8221;{}&#8221; sticky_transition=&#8221;on&#8221;][\/et_pb_slide][et_pb_slide heading=&#8221;Duurzame Groei&#8221; use_bg_overlay=&#8221;off&#8221; _builder_version=&#8221;4.27.4&#8243; _module_preset=&#8221;default&#8221; header_font=&#8221;|600||on|||||&#8221; header_font_size=&#8221;46px&#8221; background_enable_color=&#8221;off&#8221; background_enable_image=&#8221;off&#8221; global_colors_info=&#8221;{}&#8221; sticky_transition=&#8221;on&#8221;][\/et_pb_slide][et_pb_slide heading=&#8221;Duurzame Gedrag Verandering&#8221; use_bg_overlay=&#8221;off&#8221; _builder_version=&#8221;4.27.4&#8243; _module_preset=&#8221;default&#8221; header_font=&#8221;|600||on|||||&#8221; header_font_size=&#8221;46px&#8221; background_enable_color=&#8221;off&#8221; background_enable_image=&#8221;off&#8221; global_colors_info=&#8221;{}&#8221; sticky_transition=&#8221;on&#8221;][\/et_pb_slide][et_pb_slide heading=&#8221;Duurzame Patroon Verandering&#8221; use_bg_overlay=&#8221;off&#8221; _builder_version=&#8221;4.27.4&#8243; _module_preset=&#8221;default&#8221; header_font=&#8221;|600||on|||||&#8221; header_font_size=&#8221;46px&#8221; background_enable_color=&#8221;off&#8221; background_enable_image=&#8221;off&#8221; global_colors_info=&#8221;{}&#8221; sticky_transition=&#8221;on&#8221;][\/et_pb_slide][et_pb_slide heading=&#8221;Duurzame Houding Verandering&#8221; use_bg_overlay=&#8221;off&#8221; _builder_version=&#8221;4.27.4&#8243; _module_preset=&#8221;default&#8221; header_font=&#8221;|600||on|||||&#8221; header_font_size=&#8221;46px&#8221; background_enable_color=&#8221;off&#8221; background_enable_image=&#8221;off&#8221; global_colors_info=&#8221;{}&#8221; sticky_transition=&#8221;on&#8221;][\/et_pb_slide][et_pb_slide heading=&#8221;Duurzame Cultuur Verandering&#8221; use_bg_overlay=&#8221;off&#8221; _builder_version=&#8221;4.27.4&#8243; _module_preset=&#8221;default&#8221; header_font=&#8221;|600||on|||||&#8221; header_font_size=&#8221;46px&#8221; background_enable_color=&#8221;off&#8221; background_enable_image=&#8221;off&#8221; global_colors_info=&#8221;{}&#8221; sticky_transition=&#8221;on&#8221;][\/et_pb_slide][et_pb_slide heading=&#8221;Duurzame Mentale Gezondheid&#8221; use_bg_overlay=&#8221;off&#8221; _builder_version=&#8221;4.27.4&#8243; _module_preset=&#8221;default&#8221; header_font=&#8221;|600||on|||||&#8221; header_font_size=&#8221;46px&#8221; background_enable_color=&#8221;off&#8221; background_enable_image=&#8221;off&#8221; global_colors_info=&#8221;{}&#8221; sticky_transition=&#8221;on&#8221;][\/et_pb_slide][et_pb_slide heading=&#8221;Mensgericht Leiderschap&#8221; use_bg_overlay=&#8221;off&#8221; _builder_version=&#8221;4.27.4&#8243; _module_preset=&#8221;default&#8221; header_font=&#8221;|600||on|||||&#8221; header_font_size=&#8221;46px&#8221; background_enable_color=&#8221;off&#8221; background_enable_image=&#8221;off&#8221; global_colors_info=&#8221;{}&#8221; sticky_transition=&#8221;on&#8221;][\/et_pb_slide][\/et_pb_slider][\/et_pb_column][\/et_pb_row][\/et_pb_section][et_pb_section fb_built=&#8221;1&#8243; _builder_version=&#8221;4.27.4&#8243; _module_preset=&#8221;default&#8221; global_colors_info=&#8221;{}&#8221;][et_pb_row column_structure=&#8221;1_2,1_2&#8243; _builder_version=&#8221;4.27.4&#8243; _module_preset=&#8221;default&#8221; global_colors_info=&#8221;{}&#8221;][et_pb_column type=&#8221;1_2&#8243; _builder_version=&#8221;4.27.4&#8243; _module_preset=&#8221;default&#8221; global_colors_info=&#8221;{}&#8221;][et_pb_image src=&#8221;https:\/\/wendyvanmieghem.com\/wp-content\/uploads\/2025\/07\/Wendyvanmieghem.com-NL-vierkant-versie-070725.png&#8221; alt=&#8221;Emotionele intelligentie &#8211; Zie de mens &#8211; Wendyvanmieghem.com&#8221; title_text=&#8221;Wendyvanmieghem.com NL vierkant versie 070725&#8243; _builder_version=&#8221;4.27.4&#8243; _module_preset=&#8221;default&#8221; global_colors_info=&#8221;{}&#8221;][\/et_pb_image][et_pb_button button_url=&#8221;https:\/\/wendyvanmieghem.myflodesk.com\/nieuwsbrief&#8221; url_new_window=&#8221;on&#8221; button_text=&#8221;Schrijf je in voor de nieuwsbrief&#8221; button_alignment=&#8221;center&#8221; _builder_version=&#8221;4.27.4&#8243; _module_preset=&#8221;default&#8221; global_colors_info=&#8221;{}&#8221;][\/et_pb_button][\/et_pb_column][et_pb_column type=&#8221;1_2&#8243; _builder_version=&#8221;4.27.4&#8243; _module_preset=&#8221;default&#8221; global_colors_info=&#8221;{}&#8221;][et_pb_text _builder_version=&#8221;4.27.4&#8243; text_font=&#8221;||||||||&#8221; text_font_size=&#8221;18px&#8221; text_line_height=&#8221;1.8em&#8221; text_orientation=&#8221;justified&#8221; text_font_size_tablet=&#8221;16px&#8221; text_font_size_phone=&#8221;14px&#8221; text_font_size_last_edited=&#8221;on|phone&#8221; text_line_height_tablet=&#8221;1.8em&#8221; text_line_height_phone=&#8221;1.7em&#8221; text_line_height_last_edited=&#8221;off|phone&#8221; locked=&#8221;off&#8221; global_colors_info=&#8221;{}&#8221;]<\/p>\n<h2><span>Emotionele intelligentie als basis voor groei<\/span><\/h2>\n<p style=\"font-weight: 400;\">Als psycholoog en socioloog bouw ik een platform en <a href=\"https:\/\/wendyvanmieghem.com\/nl\/online-community-nl\/\" target=\"_blank\" rel=\"noopener\"><strong>community<\/strong><\/a> die gewijd zijn aan het zien van mensen zoals ze werkelijk zijn, voorbij uiterlijkheden. Graag help ik je ruimte maken voor jouw en andermans menselijkheid, zodat je kunt waarnemen, voelen en handelen voorbij standaardoplossingen. In mijn werk combineer ik ervaringsdeskundigheid met professionele expertise om <a href=\"https:\/\/wendyvanmieghem.com\/nl\/boeken\/\" target=\"_blank\" rel=\"noopener\"><strong>boeken<\/strong><\/a> te schrijven, <a href=\"https:\/\/wendyvanmieghem.com\/nl\/online-trainingen\/\" target=\"_blank\" rel=\"noopener\"><strong>online trainingen<\/strong><\/a> te ontwikkelen en <a href=\"https:\/\/wendyvanmieghem.com\/nl\/consultancy-nl\/\"><strong>consultancy<\/strong><\/a>, <a href=\"https:\/\/wendyvanmieghem.com\/nl\/begeleiding\/\"><strong>executive coaching<\/strong><\/a> en <a href=\"https:\/\/wendyvanmieghem.com\/nl\/duurzaam-veranderen-opleiding\/\" target=\"_blank\" rel=\"noopener\"><strong>maatwerk leertrajecten<\/strong><\/a> aan te bieden gericht op duurzaam herstel, groei en blijvende constructieve verandering.<\/p>\n<p style=\"font-weight: 400;\">Ik geniet ervan om professionals te leren hoe ze hun dagelijks werk en priv\u00e9leven kunnen omzetten in betekenisvolle, lonende en voldoening gevende ervaringen. Met dezelfde hoeveelheid tijd, aandacht, energie en geld kun je meer effectieve, meer gezonde en dieper herstel ondersteunende resultaten bereiken die niet alleen jouw mentale gezondheid en levenskwaliteit verbeteren, maar ook die van anderen.<\/p>\n<h3 style=\"font-weight: 400;\">Gebruik effectieve strategieen<\/h3>\n<p style=\"font-weight: 400;\">Het geven van meer ademruimte aan jouw menselijkheid helpt je om dieper contact te maken met jezelf en anderen. Wat eerder over het hoofd werd gezien, kan nu worden (h)erkend en getransformeerd. Op mijn website vind je <a href=\"https:\/\/wendyvanmieghem.com\/nl\/zie-de-mens\/\" target=\"_blank\" rel=\"noopener\"><strong>effectieve strategie\u00ebn<\/strong><\/a> die je stap voor stap begeleiden naar duurzame en resultaatgerichte resultaten.<\/p>\n<p style=\"font-weight: 400;\">Ik vertel graag over mijn werk! <a href=\"https:\/\/wendyvanmieghem.com\/nl\/contact\" target=\"_blank\" rel=\"noopener\"><strong>Neem gerust contact met me op<\/strong><\/a> als je op zoek bent naar een gepassioneerde spreker die een verfrissende blik meebrengt en ademruimte biedt aan hen die in de knel zitten.<\/p>\n<p style=\"font-weight: 400;\">Ik werk samen met professionals, merken en organisaties die mijn missie ondersteunen: bewustwording vergroten en duurzame resultaten bevorderen op het gebied van mentale gezondheid, mensgericht leiderschap en cultuur verandering. Als dat jij bent, laten we <a href=\"https:\/\/wendyvanmieghem.com\/nl\/contact-nl\/\"><strong>contact<\/strong><\/a> leggen!<\/p>\n<p style=\"font-weight: 400;\">Hartelijke groet,<\/p>\n<p style=\"font-weight: 400;\">Wendy van Mieghem<\/p>\n<p>[\/et_pb_text][et_pb_button button_url=&#8221;http:\/\/wendyvanmieghem.com\/nl\/zie-de-mens&#8221; url_new_window=&#8221;on&#8221; button_text=&#8221;Start hier&#8221; button_alignment=&#8221;center&#8221; _builder_version=&#8221;4.27.4&#8243; _module_preset=&#8221;default&#8221; global_colors_info=&#8221;{}&#8221;][\/et_pb_button][\/et_pb_column][\/et_pb_row][\/et_pb_section][et_pb_section fb_built=&#8221;1&#8243; _builder_version=&#8221;4.27.4&#8243; _module_preset=&#8221;default&#8221; global_colors_info=&#8221;{}&#8221;][et_pb_row _builder_version=&#8221;4.27.4&#8243; _module_preset=&#8221;default&#8221; global_colors_info=&#8221;{}&#8221;][et_pb_column type=&#8221;4_4&#8243; _builder_version=&#8221;4.27.4&#8243; _module_preset=&#8221;default&#8221; global_colors_info=&#8221;{}&#8221;][et_pb_text _builder_version=&#8221;4.27.4&#8243; _module_preset=&#8221;default&#8221; global_colors_info=&#8221;{}&#8221;]<\/p>\n<h2>Enkele opdrachtgevers<\/h2>\n<p>[\/et_pb_text][\/et_pb_column][\/et_pb_row][et_pb_row column_structure=&#8221;1_6,1_6,1_6,1_6,1_6,1_6&#8243; _builder_version=&#8221;4.27.4&#8243; _module_preset=&#8221;default&#8221; global_colors_info=&#8221;{}&#8221;][et_pb_column type=&#8221;1_6&#8243; _builder_version=&#8221;4.27.4&#8243; _module_preset=&#8221;default&#8221; global_colors_info=&#8221;{}&#8221;][et_pb_image src=&#8221;https:\/\/wendyvanmieghem.com\/wp-content\/uploads\/2023\/01\/logo-het-zuiderlicht.png&#8221; title_text=&#8221;logo-het-zuiderlicht&#8221; _builder_version=&#8221;4.27.4&#8243; _module_preset=&#8221;default&#8221; global_colors_info=&#8221;{}&#8221;][\/et_pb_image][\/et_pb_column][et_pb_column type=&#8221;1_6&#8243; _builder_version=&#8221;4.27.4&#8243; _module_preset=&#8221;default&#8221; global_colors_info=&#8221;{}&#8221;][et_pb_image src=&#8221;https:\/\/wendyvanmieghem.com\/wp-content\/uploads\/2023\/01\/web_NHL_Stenden_logo_ENG_blue_x3-1125728132.jpg&#8221; title_text=&#8221;web_NHL_Stenden_logo_ENG_blue_x3-1125728132&#8243; _builder_version=&#8221;4.27.4&#8243; _module_preset=&#8221;default&#8221; global_colors_info=&#8221;{}&#8221;][\/et_pb_image][\/et_pb_column][et_pb_column type=&#8221;1_6&#8243; _builder_version=&#8221;4.27.4&#8243; _module_preset=&#8221;default&#8221; global_colors_info=&#8221;{}&#8221;][et_pb_image src=&#8221;https:\/\/wendyvanmieghem.com\/wp-content\/uploads\/2026\/04\/logo-infinite-bv.jpeg&#8221; title_text=&#8221;logo infinite bv&#8221; _builder_version=&#8221;4.27.4&#8243; _module_preset=&#8221;default&#8221; global_colors_info=&#8221;{}&#8221;][\/et_pb_image][\/et_pb_column][et_pb_column type=&#8221;1_6&#8243; _builder_version=&#8221;4.27.4&#8243; _module_preset=&#8221;default&#8221; global_colors_info=&#8221;{}&#8221;][et_pb_image src=&#8221;https:\/\/wendyvanmieghem.com\/wp-content\/uploads\/2017\/10\/logo-Gemeente-Groningen-e1542141804415.jpg&#8221; title_text=&#8221;logo Gemeente-Groningen&#8221; _builder_version=&#8221;4.27.4&#8243; _module_preset=&#8221;default&#8221; global_colors_info=&#8221;{}&#8221;][\/et_pb_image][\/et_pb_column][et_pb_column type=&#8221;1_6&#8243; _builder_version=&#8221;4.27.4&#8243; _module_preset=&#8221;default&#8221; global_colors_info=&#8221;{}&#8221;][et_pb_image src=&#8221;https:\/\/wendyvanmieghem.com\/wp-content\/uploads\/2026\/04\/Zonneveld_logo_web-scaled.png&#8221; title_text=&#8221;Zonneveld_logo_web&#8221; _builder_version=&#8221;4.27.4&#8243; _module_preset=&#8221;default&#8221; global_colors_info=&#8221;{}&#8221;][\/et_pb_image][\/et_pb_column][et_pb_column type=&#8221;1_6&#8243; _builder_version=&#8221;4.27.4&#8243; _module_preset=&#8221;default&#8221; global_colors_info=&#8221;{}&#8221;][et_pb_image src=&#8221;https:\/\/wendyvanmieghem.com\/wp-content\/uploads\/2023\/10\/Gadero-logo.png&#8221; alt=&#8221;Gadero logo&#8221; title_text=&#8221;Gadero logo&#8221; _builder_version=&#8221;4.27.4&#8243; _module_preset=&#8221;default&#8221; global_colors_info=&#8221;{}&#8221;][\/et_pb_image][\/et_pb_column][\/et_pb_row][\/et_pb_section][et_pb_section fb_built=&#8221;1&#8243; _builder_version=&#8221;4.27.4&#8243; _module_preset=&#8221;default&#8221; global_colors_info=&#8221;{}&#8221;][et_pb_row _builder_version=&#8221;4.27.4&#8243; _module_preset=&#8221;default&#8221; global_colors_info=&#8221;{}&#8221;][et_pb_column type=&#8221;4_4&#8243; _builder_version=&#8221;4.27.4&#8243; _module_preset=&#8221;default&#8221; global_colors_info=&#8221;{}&#8221;][et_pb_text _builder_version=&#8221;4.27.4&#8243; _module_preset=&#8221;default&#8221; global_colors_info=&#8221;{}&#8221;]<\/p>\n<h2>Wat wordt jouw volgende stap?<\/h2>\n<p>[\/et_pb_text][\/et_pb_column][\/et_pb_row][et_pb_row column_structure=&#8221;1_3,1_3,1_3&#8243; _builder_version=&#8221;4.27.4&#8243; _module_preset=&#8221;default&#8221; global_colors_info=&#8221;{}&#8221;][et_pb_column type=&#8221;1_3&#8243; _builder_version=&#8221;4.27.4&#8243; _module_preset=&#8221;default&#8221; global_colors_info=&#8221;{}&#8221;][et_pb_text _builder_version=&#8221;4.27.4&#8243; _module_preset=&#8221;default&#8221; global_colors_info=&#8221;{}&#8221;]<\/p>\n<h3>Zie de mens : vergroot jouw emotionele intelligentie<\/h3>\n<p>[\/et_pb_text][et_pb_image src=&#8221;https:\/\/wendyvanmieghem.com\/wp-content\/uploads\/2025\/06\/Emotionele-intelligentie-vergroten-vierkant-1.jpeg&#8221; alt=&#8221;Emotionele intelligentie vergroten &#8211; Wendyvanmieghem.com&#8221; title_text=&#8221;Emotionele intelligentie vergroten vierkant&#8221; url=&#8221;https:\/\/wendyvanmieghem.com\/nl\/zie-de-mens&#8221; url_new_window=&#8221;on&#8221; _builder_version=&#8221;4.27.4&#8243; _module_preset=&#8221;default&#8221; width=&#8221;90%&#8221; max_width=&#8221;90%&#8221; global_colors_info=&#8221;{}&#8221;][\/et_pb_image][et_pb_button button_url=&#8221;https:\/\/wendyvanmieghem.com\/nl\/zie-de-mens&#8221; url_new_window=&#8221;on&#8221; button_text=&#8221;Lees meer&#8221; button_alignment=&#8221;left&#8221; _builder_version=&#8221;4.27.4&#8243; _module_preset=&#8221;default&#8221; global_colors_info=&#8221;{}&#8221;][\/et_pb_button][\/et_pb_column][et_pb_column type=&#8221;1_3&#8243; _builder_version=&#8221;4.27.4&#8243; _module_preset=&#8221;default&#8221; global_colors_info=&#8221;{}&#8221;][et_pb_text _builder_version=&#8221;4.27.4&#8243; _module_preset=&#8221;default&#8221; global_colors_info=&#8221;{}&#8221;]<\/p>\n<h3>Executive coaching<\/h3>\n<p>[\/et_pb_text][et_pb_image src=&#8221;https:\/\/wendyvanmieghem.com\/wp-content\/uploads\/2026\/04\/Executive-coaching-door-Wendy.jpg&#8221; alt=&#8221;Executive coaching &#8211; Wendyvanmieghem.com&#8221; title_text=&#8221;Executive coaching door Wendy&#8221; url=&#8221;https:\/\/wendyvanmieghem.com\/nl\/begeleiding&#8221; url_new_window=&#8221;on&#8221; _builder_version=&#8221;4.27.4&#8243; _module_preset=&#8221;default&#8221; global_colors_info=&#8221;{}&#8221;][\/et_pb_image][et_pb_button button_url=&#8221;https:\/\/wendyvanmieghem.com\/nl\/begeleiding&#8221; url_new_window=&#8221;on&#8221; button_text=&#8221;Ga naar Executive coaching&#8221; button_alignment=&#8221;left&#8221; _builder_version=&#8221;4.27.4&#8243; _module_preset=&#8221;default&#8221; global_colors_info=&#8221;{}&#8221;][\/et_pb_button][\/et_pb_column][et_pb_column type=&#8221;1_3&#8243; _builder_version=&#8221;4.27.4&#8243; _module_preset=&#8221;default&#8221; global_colors_info=&#8221;{}&#8221;][et_pb_text _builder_version=&#8221;4.27.4&#8243; _module_preset=&#8221;default&#8221; link_option_url_new_window=&#8221;on&#8221; global_colors_info=&#8221;{}&#8221;]<\/p>\n<h3>Consultancy<\/h3>\n<p>[\/et_pb_text][et_pb_image src=&#8221;https:\/\/wendyvanmieghem.com\/wp-content\/uploads\/2026\/04\/Consultancy-NL.jpeg&#8221; alt=&#8221;Consultancy NL &#8211; Wendyvanmieghem.com&#8221; title_text=&#8221;Consultancy NL&#8221; url=&#8221;https:\/\/wendyvanmieghem.com\/nl\/consultancy-nl&#8221; url_new_window=&#8221;on&#8221; _builder_version=&#8221;4.27.4&#8243; _module_preset=&#8221;default&#8221; width=&#8221;100%&#8221; max_width=&#8221;100%&#8221; global_colors_info=&#8221;{}&#8221;][\/et_pb_image][et_pb_button button_url=&#8221;https:\/\/wendyvanmieghem.com\/nl\/consultancy-nl&#8221; url_new_window=&#8221;on&#8221; button_text=&#8221;Ga naar Consultancy&#8221; button_alignment=&#8221;left&#8221; _builder_version=&#8221;4.27.4&#8243; _module_preset=&#8221;default&#8221; global_colors_info=&#8221;{}&#8221;][\/et_pb_button][\/et_pb_column][\/et_pb_row][\/et_pb_section][et_pb_section fb_built=&#8221;1&#8243; _builder_version=&#8221;4.27.4&#8243; _module_preset=&#8221;default&#8221; global_colors_info=&#8221;{}&#8221;][et_pb_row column_structure=&#8221;1_2,1_2&#8243; _builder_version=&#8221;4.27.4&#8243; _module_preset=&#8221;default&#8221; global_colors_info=&#8221;{}&#8221;][et_pb_column type=&#8221;1_2&#8243; _builder_version=&#8221;4.27.4&#8243; _module_preset=&#8221;default&#8221; global_colors_info=&#8221;{}&#8221;][et_pb_image src=&#8221;https:\/\/wendyvanmieghem.com\/wp-content\/uploads\/2025\/03\/Menselijk-leiderschap-2.jpg&#8221; alt=&#8221;Menselijk Leiderschap &#8211; Wendyvanmieghem.com&#8221; title_text=&#8221;Menselijk leiderschap 2&#8243; _builder_version=&#8221;4.27.4&#8243; _module_preset=&#8221;default&#8221; global_colors_info=&#8221;{}&#8221;][\/et_pb_image][\/et_pb_column][et_pb_column type=&#8221;1_2&#8243; _builder_version=&#8221;4.27.4&#8243; _module_preset=&#8221;default&#8221; global_colors_info=&#8221;{}&#8221;][et_pb_text _builder_version=&#8221;4.27.4&#8243; text_font=&#8221;||||||||&#8221; text_font_size=&#8221;18px&#8221; text_line_height=&#8221;1.8em&#8221; text_orientation=&#8221;justified&#8221; text_font_size_tablet=&#8221;16px&#8221; text_font_size_phone=&#8221;14px&#8221; text_font_size_last_edited=&#8221;on|phone&#8221; text_line_height_tablet=&#8221;1.8em&#8221; text_line_height_phone=&#8221;1.7em&#8221; text_line_height_last_edited=&#8221;off|phone&#8221; locked=&#8221;off&#8221; global_colors_info=&#8221;{}&#8221;]<\/p>\n<div>\n<h2><span>Waarom ademruimte voor menselijkheid?<\/span><\/h2>\n<p style=\"font-weight: 400;\">Het afwijzen van menselijkheid sluipt onbewust elke werkdag in. Je onderdrukt eigen of andermans behoeften, wijst gevoelens af, of raakt verstrikt in verwachtingen, verwijten en oordelen. Zonder dat je het wilt, leidt het onderdrukken van wat menselijk is tot gevoelsmatige tekorten en onmacht. Wanneer die oplopen, ontstaat er onveiligheid en gebrek aan echt contact en verbinding. Dit zorgt voor misverstanden, frustratie en vooral: krapte.\u00a0<\/p>\n<p style=\"font-weight: 400;\">Ademruimte voor menselijkheid begint bij jezelf: door te (h)erkennen hoe je met jezelf en anderen omgaat. Juist door opbouwend om te leren gaan met behoeften, emoties, pijn en spanningen die eerder werden onderdrukt of ontkent, wordt het beter. Niet meer vermijden of uitstellen, maar erkennen wat nodig is om te leren in interactie. Zodat jij \u00e9n anderen verder komen. Met het vergroten van jouw emotionele intelligentie maak je verschil.<\/p>\n<p style=\"font-weight: 400;\">Door denken, voelen en doen meer op \u00e9\u00e9n lijn te krijgen, word jij de betrouwbare en veilige leider waar mensen graag voor werken. En voor willen bl\u00edjven werken. Juist door jezelf niet meer over te slaan, ontstaat een werkomgeving waarin jij en anderen zich gehoord, gezien en gewaardeerd voelen. Jullie werken hierdoor beter samen en resultaten verbeteren.<\/p>\n<\/div>\n<p><span class=\"break-words       \"><span dir=\"ltr\"><span><\/span><br \/><\/span><\/span><\/p>\n<p>[\/et_pb_text][\/et_pb_column][\/et_pb_row][\/et_pb_section][et_pb_section fb_built=&#8221;1&#8243; _builder_version=&#8221;4.27.4&#8243; _module_preset=&#8221;default&#8221; global_colors_info=&#8221;{}&#8221;][et_pb_row _builder_version=&#8221;4.27.4&#8243; _module_preset=&#8221;default&#8221; locked=&#8221;off&#8221; global_colors_info=&#8221;{}&#8221;][et_pb_column type=&#8221;4_4&#8243; _builder_version=&#8221;4.27.4&#8243; _module_preset=&#8221;default&#8221; global_colors_info=&#8221;{}&#8221;][et_pb_slider use_bg_overlay=&#8221;on&#8221; bg_overlay_color=&#8221;RGBA(255,255,255,0)&#8221; _builder_version=&#8221;4.27.4&#8243; _module_preset=&#8221;default&#8221; background_color=&#8221;RGBA(255,255,255,0)&#8221; background_size=&#8221;contain&#8221; module_alignment=&#8221;center&#8221; link_option_url=&#8221;https:\/\/wendyvanmieghem.com\/en\/online-community\/&#8221; link_option_url_new_window=&#8221;on&#8221; border_style_all=&#8221;none&#8221; locked=&#8221;off&#8221; global_colors_info=&#8221;{}&#8221;][et_pb_slide heading=&#8221;Doe mee met onze Online Community!&#8221; button_text=&#8221;Lees meer&#8221; button_link=&#8221;https:\/\/wendyvanmieghem.com\/nl\/online-community-nl\/&#8221; url_new_window=&#8221;on&#8221; _builder_version=&#8221;4.27.4&#8243; _module_preset=&#8221;default&#8221; background_video_mp4=&#8221;https:\/\/wendyvanmieghem.com\/wp-content\/uploads\/2024\/06\/Picmonkey-people-in-forest-8-sec.mp4&#8243; background_enable_video_mp4=&#8221;on&#8221; link_option_url=&#8221;https:\/\/wendyvanmieghem.com\/nl\/online-community-nl\/&#8221; link_option_url_new_window=&#8221;on&#8221; locked=&#8221;off&#8221; global_colors_info=&#8221;{}&#8221; sticky_transition=&#8221;on&#8221;]<\/p>\n<p>We bieden je een veilige basis voor opbouwend om leren gaan met menselijkheid. Leer in interactie en voed jouw duurzame veranderproces van binnenuit.<\/p>\n<p>[\/et_pb_slide][\/et_pb_slider][\/et_pb_column][\/et_pb_row][\/et_pb_section][et_pb_section fb_built=&#8221;1&#8243; _builder_version=&#8221;4.27.4&#8243; _module_preset=&#8221;default&#8221; global_colors_info=&#8221;{}&#8221;][et_pb_row column_structure=&#8221;1_2,1_2&#8243; _builder_version=&#8221;4.27.4&#8243; _module_preset=&#8221;default&#8221; global_colors_info=&#8221;{}&#8221;][et_pb_column type=&#8221;1_2&#8243; _builder_version=&#8221;4.27.4&#8243; _module_preset=&#8221;default&#8221; global_colors_info=&#8221;{}&#8221;][et_pb_text _builder_version=&#8221;4.27.4&#8243; text_font=&#8221;||||||||&#8221; text_font_size=&#8221;18px&#8221; text_line_height=&#8221;1.8em&#8221; text_orientation=&#8221;justified&#8221; text_font_size_tablet=&#8221;16px&#8221; text_font_size_phone=&#8221;14px&#8221; text_font_size_last_edited=&#8221;on|phone&#8221; text_line_height_tablet=&#8221;1.8em&#8221; text_line_height_phone=&#8221;1.7em&#8221; text_line_height_last_edited=&#8221;off|phone&#8221; locked=&#8221;off&#8221; global_colors_info=&#8221;{}&#8221;]<\/p>\n<div>\n<h2><span>Waarom ik doe wat ik doe<\/span><\/h2>\n<p style=\"font-weight: 400;\">Van jongs af aan kan ik goed waarnemen en voelen. Ik kom graag tot de kern van wat er speelt, om van daaruit te werken aan duurzaam herstel, groei, verandering en leiderschap. Daarbij leef ik graag voor hoe je dat doet, omgaan met menselijkheid. Zodra je bereid bent om het innerlijk werk te verrichten, is er z\u00f3veel opbouwende verandering mogelijk in werk en leven.<\/p>\n<p style=\"font-weight: 400;\">Al vroeg heb ik geleerd dat niet iedereen dit kan, wil of durft. Als kind zag ik hoe mijn ouders dagelijks worstelden met eigen emoties, pijn en spanningen. In plaats van hulp te vragen of voor zichzelf te leren zorgen, deden ze er alles aan om niet te hoeven voelen. Op mijn 18de werd ik verstoten.<\/p>\n<p style=\"font-weight: 400;\">In de jaren erna leerde ik niet alleen hoe ik stap voor stap kon herstellen van de schade die ik had opgelopen, maar ook dat veel andere mensen het lastig vinden om opbouwend om te gaan met emoties, behoeften, spanningen en pijn. Het is niet aan mij, of iemand anders, om je door jouw angst(en) heen te duwen. Je moet eraan toe zijn om jezelf in de spiegel aan te durven kijken. Pas wanneer je bereid bent om met regelmaat jouw tijd, aandacht en oefening te investeren in het realiseren van duurzame resultaten, kan ik waarde toevoegen aan jouw proces. Door zorgvuldig en met aandacht te luisteren naar hoe je met jezelf omgaat, en je daar opbouwende feedback op te geven.<\/p>\n<\/div>\n<p>[\/et_pb_text][\/et_pb_column][et_pb_column type=&#8221;1_2&#8243; _builder_version=&#8221;4.27.4&#8243; _module_preset=&#8221;default&#8221; global_colors_info=&#8221;{}&#8221;][et_pb_text _builder_version=&#8221;4.27.4&#8243; text_font=&#8221;||||||||&#8221; text_font_size=&#8221;18px&#8221; text_line_height=&#8221;1.8em&#8221; text_orientation=&#8221;justified&#8221; text_font_size_tablet=&#8221;16px&#8221; text_font_size_phone=&#8221;14px&#8221; text_font_size_last_edited=&#8221;on|phone&#8221; text_line_height_tablet=&#8221;1.8em&#8221; text_line_height_phone=&#8221;1.7em&#8221; text_line_height_last_edited=&#8221;off|phone&#8221; locked=&#8221;off&#8221; global_colors_info=&#8221;{}&#8221;]<\/p>\n<div style=\"padding:56.25% 0 0 0;position:relative;\"><iframe src=\"https:\/\/player.vimeo.com\/video\/1068085017?badge=0&amp;autopause=0&amp;player_id=0&amp;app_id=58479\" frameborder=\"0\" allow=\"autoplay; fullscreen; picture-in-picture; clipboard-write; encrypted-media\" style=\"position:absolute;top:0;left:0;width:100%;height:100%;\" title=\"Ademruimte voor menselijkheid Bart Heeling - Zelfzorg - Wendyvanmieghem\"><\/iframe><\/div>\n<p><script src=\"https:\/\/player.vimeo.com\/api\/player.js\"><\/script>[\/et_pb_text][et_pb_text _builder_version=&#8221;4.27.4&#8243; text_font=&#8221;||||||||&#8221; text_font_size=&#8221;18px&#8221; text_line_height=&#8221;1.8em&#8221; text_orientation=&#8221;justified&#8221; text_font_size_tablet=&#8221;16px&#8221; text_font_size_phone=&#8221;14px&#8221; text_font_size_last_edited=&#8221;on|phone&#8221; text_line_height_tablet=&#8221;1.8em&#8221; text_line_height_phone=&#8221;1.7em&#8221; text_line_height_last_edited=&#8221;off|phone&#8221; locked=&#8221;off&#8221; global_colors_info=&#8221;{}&#8221;]<\/p>\n<h2><span>Jouw winst<\/span><\/h2>\n<div>\n<p>Je staat misschien niet altijd te springen om zorg te dragen voor wat in je leeft. Dat snap ik goed. Het kan bij vlagen z\u00f3 confronterend, intens of pijnlijk zijn, dat het lijkt alsof het niet mogelijk is om daar constructief mee om te gaan. Ik beloof je dat het w\u00e9l kan, mits je het geleidelijk en stap voor stap constructief opbouwt. Bovendien brengt n\u00edet zorgen dragen voor wat in je leeft alleen maar meer problemen. Dat heb je vast al gemerkt.<\/p>\n<p>De uitdaging is om voldoende emotionele draagkracht en vertrouwen in jouw kunnen op te bouwen, zodat het veranderproces ten dienste staat van <strong>duurzaam herstel en groei<\/strong>. Wanneer je voelt dat je dit nodig hebt, is het goed om gebruik te maken van een zorgvuldig opgebouwde en therapeutisch verantwoorde strategie die duurzaam en effectief is. Een aanpak die je stap voor stap gevoelsmatig door het proces loodst, maar die als het even kan ook volop ruimte laat om &#8216;gewoon\u2019 jouw werk en ding te doen.<\/p>\n<h3>Wat ik je kan bieden<\/h3>\n<p>Ik bied je graag die zorgvuldig opgebouwde <strong>maatwerk strategie<\/strong>, die specifiek is afgestemd op jouw persoonlijke en professionele behoeften en achtergrond. <span style=\"font-size: 18px;\">Menselijkheid biedt niet alleen maar ellende en gedoe. Door gericht jouw tijd, aandacht en energie te investeren in, bijvoorbeeld, opbouwend om leren gaan met behoeften, emoties, spanningen en pijn, wordt je leven lichter. Vanuit liefdevolle zelfzorg ontvouwt zich de schoonheid en oerkracht van het leven. Zodra jij vanbinnen op constructieve wijze meer ademruimte \u00a0toelaat voor jouw menselijkheid, groeien welzijn en kwaliteit. <\/span><\/p>\n<p><span style=\"font-size: 18px;\">Ademruimte voor menselijkheid verbindt voorbij verschillen, waardoor je direct meer rust, balans en voldoening kunt ervaren. Zelfs te midden van onrust. Persoonlijk \u00e9n professioneel. Zo kan je op natuurlijke wijze steviger staan als leider. Verschil maak je door <strong>de manier waarop<\/strong><span style=\"font-weight: 400; font-size: 18px;\"> en <strong>de <\/strong><\/span><strong>houding waaruit<\/strong><span style=\"font-weight: 400; font-size: 18px;\"> je gericht contact maakt en verbindt met wat er is. Sta stil bij wat je hiermee cre\u00ebert op korte \u00e9n lange termijn. Voor jezelf en anderen. Ik nodig je graag uit om samen met mij en andere intrinsiek gemotiveerde professionals o<\/span><\/span><span style=\"font-size: 18px;\">p weg te gaan naar echt contact, gezonde relaties, welzijn en kwaliteit.<\/span><\/p>\n<\/div>\n<p>&nbsp;<\/p>\n<p>[\/et_pb_text][\/et_pb_column][\/et_pb_row][\/et_pb_section][et_pb_section fb_built=&#8221;1&#8243; _builder_version=&#8221;4.27.4&#8243; _module_preset=&#8221;default&#8221; global_colors_info=&#8221;{}&#8221;][et_pb_row _builder_version=&#8221;4.27.4&#8243; _module_preset=&#8221;default&#8221; global_colors_info=&#8221;{}&#8221;][et_pb_column type=&#8221;4_4&#8243; _builder_version=&#8221;4.27.4&#8243; _module_preset=&#8221;default&#8221; global_colors_info=&#8221;{}&#8221;][et_pb_text _builder_version=&#8221;4.27.4&#8243; _module_preset=&#8221;default&#8221; global_colors_info=&#8221;{}&#8221;]<\/p>\n<h2>Wat wordt jouw volgende stap?<\/h2>\n<p>[\/et_pb_text][\/et_pb_column][\/et_pb_row][et_pb_row column_structure=&#8221;1_3,1_3,1_3&#8243; _builder_version=&#8221;4.27.4&#8243; _module_preset=&#8221;default&#8221; global_colors_info=&#8221;{}&#8221;][et_pb_column type=&#8221;1_3&#8243; _builder_version=&#8221;4.27.4&#8243; _module_preset=&#8221;default&#8221; global_colors_info=&#8221;{}&#8221;][et_pb_text _builder_version=&#8221;4.27.4&#8243; _module_preset=&#8221;default&#8221; global_colors_info=&#8221;{}&#8221;]<\/p>\n<h3>Zie de mens : vergroot jouw emotionele intelligentie<\/h3>\n<p>[\/et_pb_text][et_pb_image src=&#8221;https:\/\/wendyvanmieghem.com\/wp-content\/uploads\/2025\/06\/Emotionele-intelligentie-vergroten-vierkant-1.jpeg&#8221; alt=&#8221;Emotionele intelligentie vergroten &#8211; Wendyvanmieghem.com&#8221; title_text=&#8221;Emotionele intelligentie vergroten vierkant&#8221; url=&#8221;https:\/\/wendyvanmieghem.com\/nl\/zie-de-mens&#8221; url_new_window=&#8221;on&#8221; _builder_version=&#8221;4.27.4&#8243; _module_preset=&#8221;default&#8221; width=&#8221;90%&#8221; max_width=&#8221;90%&#8221; global_colors_info=&#8221;{}&#8221;][\/et_pb_image][et_pb_button button_url=&#8221;https:\/\/wendyvanmieghem.com\/nl\/zie-de-mens&#8221; url_new_window=&#8221;on&#8221; button_text=&#8221;Lees meer&#8221; button_alignment=&#8221;left&#8221; _builder_version=&#8221;4.27.4&#8243; _module_preset=&#8221;default&#8221; global_colors_info=&#8221;{}&#8221;][\/et_pb_button][\/et_pb_column][et_pb_column type=&#8221;1_3&#8243; _builder_version=&#8221;4.27.4&#8243; _module_preset=&#8221;default&#8221; global_colors_info=&#8221;{}&#8221;][et_pb_text _builder_version=&#8221;4.27.4&#8243; _module_preset=&#8221;default&#8221; global_colors_info=&#8221;{}&#8221;]<\/p>\n<h3>Executive coaching<\/h3>\n<p>[\/et_pb_text][et_pb_image src=&#8221;https:\/\/wendyvanmieghem.com\/wp-content\/uploads\/2026\/04\/Executive-coaching-door-Wendy.jpg&#8221; alt=&#8221;Executive coaching &#8211; Wendyvanmieghem.com&#8221; title_text=&#8221;Executive coaching door Wendy&#8221; url=&#8221;https:\/\/wendyvanmieghem.com\/nl\/begeleiding&#8221; url_new_window=&#8221;on&#8221; _builder_version=&#8221;4.27.4&#8243; _module_preset=&#8221;default&#8221; global_colors_info=&#8221;{}&#8221;][\/et_pb_image][et_pb_button button_url=&#8221;https:\/\/wendyvanmieghem.com\/nl\/begeleiding&#8221; url_new_window=&#8221;on&#8221; button_text=&#8221;Ga naar Executive coaching&#8221; button_alignment=&#8221;left&#8221; _builder_version=&#8221;4.27.4&#8243; _module_preset=&#8221;default&#8221; global_colors_info=&#8221;{}&#8221;][\/et_pb_button][\/et_pb_column][et_pb_column type=&#8221;1_3&#8243; _builder_version=&#8221;4.27.4&#8243; _module_preset=&#8221;default&#8221; global_colors_info=&#8221;{}&#8221;][et_pb_text _builder_version=&#8221;4.27.4&#8243; _module_preset=&#8221;default&#8221; link_option_url_new_window=&#8221;on&#8221; global_colors_info=&#8221;{}&#8221;]<\/p>\n<h3>Consultancy<\/h3>\n<p>[\/et_pb_text][et_pb_image src=&#8221;https:\/\/wendyvanmieghem.com\/wp-content\/uploads\/2026\/04\/Consultancy-NL.jpeg&#8221; alt=&#8221;Consultancy NL &#8211; Wendyvanmieghem.com&#8221; title_text=&#8221;Consultancy NL&#8221; url=&#8221;https:\/\/wendyvanmieghem.com\/nl\/consultancy-nl&#8221; url_new_window=&#8221;on&#8221; _builder_version=&#8221;4.27.4&#8243; _module_preset=&#8221;default&#8221; width=&#8221;100%&#8221; max_width=&#8221;100%&#8221; global_colors_info=&#8221;{}&#8221;][\/et_pb_image][et_pb_button button_url=&#8221;https:\/\/wendyvanmieghem.com\/nl\/consultancy-nl&#8221; url_new_window=&#8221;on&#8221; button_text=&#8221;Ga naar Consultancy&#8221; button_alignment=&#8221;left&#8221; _builder_version=&#8221;4.27.4&#8243; _module_preset=&#8221;default&#8221; global_colors_info=&#8221;{}&#8221;][\/et_pb_button][\/et_pb_column][\/et_pb_row][\/et_pb_section][et_pb_section fb_built=&#8221;1&#8243; _builder_version=&#8221;4.23.1&#8243; _module_preset=&#8221;default&#8221; global_colors_info=&#8221;{}&#8221;][et_pb_row column_structure=&#8221;1_2,1_2&#8243; _builder_version=&#8221;4.23.1&#8243; _module_preset=&#8221;default&#8221; global_colors_info=&#8221;{}&#8221;][et_pb_column type=&#8221;1_2&#8243; _builder_version=&#8221;4.23.1&#8243; _module_preset=&#8221;default&#8221; global_colors_info=&#8221;{}&#8221;][et_pb_video src=&#8221;https:\/\/wendyvanmieghem.com\/wp-content\/uploads\/2025\/06\/If-you-want-to-learn-poppies-version-240625.mp4&#8243; _builder_version=&#8221;4.27.4&#8243; _module_preset=&#8221;default&#8221; global_colors_info=&#8221;{}&#8221;][\/et_pb_video][\/et_pb_column][et_pb_column type=&#8221;1_2&#8243; _builder_version=&#8221;4.23.1&#8243; _module_preset=&#8221;default&#8221; global_colors_info=&#8221;{}&#8221;][et_pb_text _builder_version=&#8221;4.27.4&#8243; text_font=&#8221;||||||||&#8221; text_font_size=&#8221;18px&#8221; text_line_height=&#8221;1.8em&#8221; text_orientation=&#8221;justified&#8221; text_font_size_tablet=&#8221;16px&#8221; text_font_size_phone=&#8221;14px&#8221; text_font_size_last_edited=&#8221;on|phone&#8221; text_line_height_tablet=&#8221;1.8em&#8221; text_line_height_phone=&#8221;1.7em&#8221; text_line_height_last_edited=&#8221;off|phone&#8221; locked=&#8221;off&#8221; global_colors_info=&#8221;{}&#8221;]<\/p>\n<h2><span class=\"break-words       \"><span dir=\"ltr\">Blijf op de hoogte<\/span><\/span><\/h2>\n<p><span class=\"break-words       \"><span dir=\"ltr\">Hoi, mijn naam is Wendy van Mieghem. Als psycholoog en socioloog ondersteun ik je graag bij het vergroten en leren toepassen van jouw emotionele intelligentie. <\/span><\/span><span class=\"break-words       \"><span dir=\"ltr\">Afstemmen op je menselijke natuur, en leren om er op een ondersteunende en helende manier zorg voor te dragen, helpt je om een meer blijvende opbouwende verandering te realiseren.<\/span><\/span><\/p>\n<p><span class=\"break-words       \"><span dir=\"ltr\">Door jezelf en anderen beter te leren kennen, kan je genuanceerder, gelaagder en meer diepgaand aansluiten bij wat nodig is. Zo behaal je stap voor stap duurzaam en effectief het doel of resultaat waar je naar verlangt. Persoonlijk en professioneel.\u00a0<\/span><\/span><\/p>\n<p><span class=\"break-words       \"><span dir=\"ltr\">Graag tot ziens,<span><br \/><\/span>Wendy van Mieghem<span><br \/><\/span><span><\/span><br \/><\/span><\/span><\/p>\n<p>[\/et_pb_text][\/et_pb_column][\/et_pb_row][et_pb_row _builder_version=&#8221;4.23.4&#8243; _module_preset=&#8221;default&#8221; global_colors_info=&#8221;{}&#8221;][et_pb_column type=&#8221;4_4&#8243; _builder_version=&#8221;4.23.4&#8243; _module_preset=&#8221;default&#8221; global_colors_info=&#8221;{}&#8221;][et_pb_button button_url=&#8221;https:\/\/wendyvanmieghem.myflodesk.com\/nieuwsbrief&#8221; button_text=&#8221;Schrijf je in voor de nieuwsbrief&#8221; button_alignment=&#8221;center&#8221; _builder_version=&#8221;4.27.4&#8243; _module_preset=&#8221;default&#8221; global_colors_info=&#8221;{}&#8221;][\/et_pb_button][\/et_pb_column][\/et_pb_row][\/et_pb_section]<\/p>\n","protected":false},"excerpt":{"rendered":"<p>Emotionele intelligentie \/ Home NLEmotionele intelligentie als basis voor groei Als psycholoog en socioloog bouw ik een platform en community die gewijd zijn aan het zien van mensen zoals ze werkelijk zijn, voorbij uiterlijkheden. Graag help ik je ruimte maken voor jouw en andermans menselijkheid, zodat je kunt waarnemen, voelen en handelen voorbij standaardoplossingen. In [&hellip;]<\/p>\n","protected":false},"author":2,"featured_media":44336,"parent":0,"menu_order":0,"comment_status":"closed","ping_status":"closed","template":"","meta":{"_et_pb_use_builder":"on","_et_pb_old_content":"","_et_gb_content_width":"","iawp_total_views":98,"footnotes":""},"class_list":["post-35222","page","type-page","status-publish","has-post-thumbnail","hentry"],"yoast_head":"<!-- This site is optimized with the Yoast SEO plugin v27.5 - https:\/\/yoast.com\/product\/yoast-seo-wordpress\/ -->\n<title>Emotionele intelligentie : bereik meer!<\/title>\n<meta name=\"description\" content=\"Vergroot jouw emotionele intelligentie stap voor stap en leid jezelf en anderen naar mentale gezondheid, kwaliteit en duurzame verandering.\" \/>\n<meta name=\"robots\" content=\"index, follow, max-snippet:-1, max-image-preview:large, max-video-preview:-1\" \/>\n<link rel=\"canonical\" href=\"https:\/\/wendyvanmieghem.com\/nl\/\" \/>\n<meta name=\"twitter:label1\" content=\"Geschatte leestijd\" \/>\n\t<meta name=\"twitter:data1\" content=\"8 minuten\" \/>\n<script type=\"application\/ld+json\" class=\"yoast-schema-graph\">{\"@context\":\"https:\\\/\\\/schema.org\",\"@graph\":[{\"@type\":\"WebPage\",\"@id\":\"https:\\\/\\\/wendyvanmieghem.com\\\/nl\\\/\",\"url\":\"https:\\\/\\\/wendyvanmieghem.com\\\/nl\\\/\",\"name\":\"Emotionele intelligentie : bereik meer!\",\"isPartOf\":{\"@id\":\"https:\\\/\\\/wendyvanmieghem.com\\\/nl\\\/#website\"},\"primaryImageOfPage\":{\"@id\":\"https:\\\/\\\/wendyvanmieghem.com\\\/nl\\\/#primaryimage\"},\"image\":{\"@id\":\"https:\\\/\\\/wendyvanmieghem.com\\\/nl\\\/#primaryimage\"},\"thumbnailUrl\":\"https:\\\/\\\/wendyvanmieghem.com\\\/wp-content\\\/uploads\\\/2025\\\/05\\\/Wendyvanmieghem.com-NL-vierkant.jpeg\",\"datePublished\":\"2024-03-11T08:15:05+00:00\",\"dateModified\":\"2026-04-07T09:53:59+00:00\",\"description\":\"Vergroot jouw emotionele intelligentie stap voor stap en leid jezelf en anderen naar mentale gezondheid, kwaliteit en duurzame verandering.\",\"breadcrumb\":{\"@id\":\"https:\\\/\\\/wendyvanmieghem.com\\\/nl\\\/#breadcrumb\"},\"inLanguage\":\"nl-NL\",\"potentialAction\":[{\"@type\":\"ReadAction\",\"target\":[\"https:\\\/\\\/wendyvanmieghem.com\\\/nl\\\/\"]}]},{\"@type\":\"ImageObject\",\"inLanguage\":\"nl-NL\",\"@id\":\"https:\\\/\\\/wendyvanmieghem.com\\\/nl\\\/#primaryimage\",\"url\":\"https:\\\/\\\/wendyvanmieghem.com\\\/wp-content\\\/uploads\\\/2025\\\/05\\\/Wendyvanmieghem.com-NL-vierkant.jpeg\",\"contentUrl\":\"https:\\\/\\\/wendyvanmieghem.com\\\/wp-content\\\/uploads\\\/2025\\\/05\\\/Wendyvanmieghem.com-NL-vierkant.jpeg\",\"width\":1080,\"height\":1080,\"caption\":\"Emotionele intelligentie - Zie de mens - Wendyvanmieghem.com\"},{\"@type\":\"BreadcrumbList\",\"@id\":\"https:\\\/\\\/wendyvanmieghem.com\\\/nl\\\/#breadcrumb\",\"itemListElement\":[{\"@type\":\"ListItem\",\"position\":1,\"name\":\"Home\",\"item\":\"https:\\\/\\\/wendyvanmieghem.com\\\/nl\\\/\"},{\"@type\":\"ListItem\",\"position\":2,\"name\":\"Home NL\"}]},{\"@type\":\"WebSite\",\"@id\":\"https:\\\/\\\/wendyvanmieghem.com\\\/nl\\\/#website\",\"url\":\"https:\\\/\\\/wendyvanmieghem.com\\\/nl\\\/\",\"name\":\"Wendyvanmieghem.com\",\"description\":\"Use Emotional Intelligence to Improve Mental Health, Leadership Skills, and Realize Sustainable Change in Behavior or Culture\",\"potentialAction\":[{\"@type\":\"SearchAction\",\"target\":{\"@type\":\"EntryPoint\",\"urlTemplate\":\"https:\\\/\\\/wendyvanmieghem.com\\\/nl\\\/?s={search_term_string}\"},\"query-input\":{\"@type\":\"PropertyValueSpecification\",\"valueRequired\":true,\"valueName\":\"search_term_string\"}}],\"inLanguage\":\"nl-NL\"}]}<\/script>\n<!-- \/ Yoast SEO plugin. -->","yoast_head_json":{"title":"Emotionele intelligentie : bereik meer!","description":"Vergroot jouw emotionele intelligentie stap voor stap en leid jezelf en anderen naar mentale gezondheid, kwaliteit en duurzame verandering.","robots":{"index":"index","follow":"follow","max-snippet":"max-snippet:-1","max-image-preview":"max-image-preview:large","max-video-preview":"max-video-preview:-1"},"canonical":"https:\/\/wendyvanmieghem.com\/nl\/","twitter_misc":{"Geschatte leestijd":"8 minuten"},"schema":{"@context":"https:\/\/schema.org","@graph":[{"@type":"WebPage","@id":"https:\/\/wendyvanmieghem.com\/nl\/","url":"https:\/\/wendyvanmieghem.com\/nl\/","name":"Emotionele intelligentie : bereik meer!","isPartOf":{"@id":"https:\/\/wendyvanmieghem.com\/nl\/#website"},"primaryImageOfPage":{"@id":"https:\/\/wendyvanmieghem.com\/nl\/#primaryimage"},"image":{"@id":"https:\/\/wendyvanmieghem.com\/nl\/#primaryimage"},"thumbnailUrl":"https:\/\/wendyvanmieghem.com\/wp-content\/uploads\/2025\/05\/Wendyvanmieghem.com-NL-vierkant.jpeg","datePublished":"2024-03-11T08:15:05+00:00","dateModified":"2026-04-07T09:53:59+00:00","description":"Vergroot jouw emotionele intelligentie stap voor stap en leid jezelf en anderen naar mentale gezondheid, kwaliteit en duurzame verandering.","breadcrumb":{"@id":"https:\/\/wendyvanmieghem.com\/nl\/#breadcrumb"},"inLanguage":"nl-NL","potentialAction":[{"@type":"ReadAction","target":["https:\/\/wendyvanmieghem.com\/nl\/"]}]},{"@type":"ImageObject","inLanguage":"nl-NL","@id":"https:\/\/wendyvanmieghem.com\/nl\/#primaryimage","url":"https:\/\/wendyvanmieghem.com\/wp-content\/uploads\/2025\/05\/Wendyvanmieghem.com-NL-vierkant.jpeg","contentUrl":"https:\/\/wendyvanmieghem.com\/wp-content\/uploads\/2025\/05\/Wendyvanmieghem.com-NL-vierkant.jpeg","width":1080,"height":1080,"caption":"Emotionele intelligentie - Zie de mens - Wendyvanmieghem.com"},{"@type":"BreadcrumbList","@id":"https:\/\/wendyvanmieghem.com\/nl\/#breadcrumb","itemListElement":[{"@type":"ListItem","position":1,"name":"Home","item":"https:\/\/wendyvanmieghem.com\/nl\/"},{"@type":"ListItem","position":2,"name":"Home NL"}]},{"@type":"WebSite","@id":"https:\/\/wendyvanmieghem.com\/nl\/#website","url":"https:\/\/wendyvanmieghem.com\/nl\/","name":"Wendyvanmieghem.com","description":"Use Emotional Intelligence to Improve Mental Health, Leadership Skills, and Realize Sustainable Change in Behavior or Culture","potentialAction":[{"@type":"SearchAction","target":{"@type":"EntryPoint","urlTemplate":"https:\/\/wendyvanmieghem.com\/nl\/?s={search_term_string}"},"query-input":{"@type":"PropertyValueSpecification","valueRequired":true,"valueName":"search_term_string"}}],"inLanguage":"nl-NL"}]}},"_links":{"self":[{"href":"https:\/\/wendyvanmieghem.com\/nl\/wp-json\/wp\/v2\/pages\/35222","targetHints":{"allow":["GET"]}}],"collection":[{"href":"https:\/\/wendyvanmieghem.com\/nl\/wp-json\/wp\/v2\/pages"}],"about":[{"href":"https:\/\/wendyvanmieghem.com\/nl\/wp-json\/wp\/v2\/types\/page"}],"author":[{"embeddable":true,"href":"https:\/\/wendyvanmieghem.com\/nl\/wp-json\/wp\/v2\/users\/2"}],"replies":[{"embeddable":true,"href":"https:\/\/wendyvanmieghem.com\/nl\/wp-json\/wp\/v2\/comments?post=35222"}],"version-history":[{"count":99,"href":"https:\/\/wendyvanmieghem.com\/nl\/wp-json\/wp\/v2\/pages\/35222\/revisions"}],"predecessor-version":[{"id":46792,"href":"https:\/\/wendyvanmieghem.com\/nl\/wp-json\/wp\/v2\/pages\/35222\/revisions\/46792"}],"wp:featuredmedia":[{"embeddable":true,"href":"https:\/\/wendyvanmieghem.com\/nl\/wp-json\/wp\/v2\/media\/44336"}],"wp:attachment":[{"href":"https:\/\/wendyvanmieghem.com\/nl\/wp-json\/wp\/v2\/media?parent=35222"}],"curies":[{"name":"wp","href":"https:\/\/api.w.org\/{rel}","templated":true}]}}